{"id":581,"date":"2018-12-05T22:57:13","date_gmt":"2018-12-05T21:57:13","guid":{"rendered":"https:\/\/www.heimatfreundeweibern.de\/wordpress\/?page_id=581"},"modified":"2024-08-04T19:43:51","modified_gmt":"2024-08-04T17:43:51","slug":"sp","status":"publish","type":"page","link":"https:\/\/www.heimatfreundeweibern.de\/wordpress\/sp\/","title":{"rendered":"Sp (12)"},"content":{"rendered":"<p><span style=\"color: #ff0000;\"><strong>spachtelen &nbsp;<\/strong><em><span style=\"color: #000000;\">&#8211; essen<\/span><\/em><br \/>\n<\/span><\/p>\n<p><strong><span style=\"color: #ff0000;\">Die spachtelen als h\u00e4tten se wochelang nix krech.&nbsp;<\/span><\/strong><span style=\"color: #ff0000;\"><em><span style=\"color: #000000;\">&#8211; Die essen als h\u00e4tten sie wochenlang nichts bekommen.<\/span><\/em><\/span><\/p>\n<audio class=\"wp-audio-shortcode\" id=\"audio-581-1\" preload=\"none\" style=\"width: 100%;\" controls=\"controls\"><source type=\"audio\/mpeg\" src=\"https:\/\/www.heimatfreundeweibern.de\/wordpress\/wp-content\/uploads\/2024\/06\/spachtelen.mp3?_=1\" \/><a href=\"https:\/\/www.heimatfreundeweibern.de\/wordpress\/wp-content\/uploads\/2024\/06\/spachtelen.mp3\">https:\/\/www.heimatfreundeweibern.de\/wordpress\/wp-content\/uploads\/2024\/06\/spachtelen.mp3<\/a><\/audio>\n<p><span style=\"color: #ff0000;\"><strong>&nbsp;Speis, de <\/strong><em><span style=\"color: #000000;\">&#8211; der M\u00f6rtel<br \/>\n<\/span><\/em><\/span><\/p>\n<p><strong><span style=\"color: #ff0000;\">On de Speis mo\u00df mi Zement.&nbsp;<\/span><\/strong><em><span style=\"color: #ff0000;\"><span style=\"color: #000000;\">&#8211; In den M\u00f6rtel muss mehr Zement.<\/span><\/span><\/em><\/p>\n<audio class=\"wp-audio-shortcode\" id=\"audio-581-2\" preload=\"none\" style=\"width: 100%;\" controls=\"controls\"><source type=\"audio\/mpeg\" src=\"https:\/\/www.heimatfreundeweibern.de\/wordpress\/wp-content\/uploads\/2024\/06\/de-Speis.mp3?_=2\" \/><a href=\"https:\/\/www.heimatfreundeweibern.de\/wordpress\/wp-content\/uploads\/2024\/06\/de-Speis.mp3\">https:\/\/www.heimatfreundeweibern.de\/wordpress\/wp-content\/uploads\/2024\/06\/de-Speis.mp3<\/a><\/audio>\n<p><span style=\"color: #ff0000;\"><strong>Spejelei, dat <\/strong><\/span><span style=\"color: #000000;\"><em>&#8211; das Spiegelei<\/em><\/span><\/p>\n<p><strong><span style=\"color: #ff0000;\">Heut h\u00e4s de dat Spejelei awwe ze lang jebroade. <\/span><\/strong><span style=\"color: #000000;\"><em>&#8211; Heute hast du das Spiegelei aber zu lange gebraten.<\/em><\/span><\/p>\n<audio class=\"wp-audio-shortcode\" id=\"audio-581-3\" preload=\"none\" style=\"width: 100%;\" controls=\"controls\"><source type=\"audio\/mpeg\" src=\"https:\/\/www.heimatfreundeweibern.de\/wordpress\/wp-content\/uploads\/2024\/08\/dat-Spejelei.mp3?_=3\" \/><a href=\"https:\/\/www.heimatfreundeweibern.de\/wordpress\/wp-content\/uploads\/2024\/08\/dat-Spejelei.mp3\">https:\/\/www.heimatfreundeweibern.de\/wordpress\/wp-content\/uploads\/2024\/08\/dat-Spejelei.mp3<\/a><\/audio>\n<p><span style=\"color: #ff0000;\"><strong>Spetzklecke. de<\/strong> <em><span style=\"color: #000000;\">&#8211; das Schlitzohr<\/span><\/em><strong><br \/>\n<\/strong><\/span><\/p>\n<p><strong><span style=\"color: #ff0000;\">Dau bos mie awwe en schj\u00f6ne Spetzklecke.&nbsp;<\/span><\/strong><em><span style=\"color: #ff0000;\"><span style=\"color: #000000;\">&#8211; Du bist mir aber ein sch\u00f6nes Schlitzohr.<\/span><\/span><\/em><\/p>\n<audio class=\"wp-audio-shortcode\" id=\"audio-581-4\" preload=\"none\" style=\"width: 100%;\" controls=\"controls\"><source type=\"audio\/mpeg\" src=\"https:\/\/www.heimatfreundeweibern.de\/wordpress\/wp-content\/uploads\/2024\/06\/de-Spetzklecke.mp3?_=4\" \/><a href=\"https:\/\/www.heimatfreundeweibern.de\/wordpress\/wp-content\/uploads\/2024\/06\/de-Spetzklecke.mp3\">https:\/\/www.heimatfreundeweibern.de\/wordpress\/wp-content\/uploads\/2024\/06\/de-Spetzklecke.mp3<\/a><\/audio>\n<p><span style=\"color: #ff0000;\"><strong>spillen <\/strong><em><span style=\"color: #000000;\">&#8211; spielen<br \/>\n<\/span><\/em><\/span><\/p>\n<p><strong><span style=\"color: #ff0000;\">De Kenne spillen onne op de Wiss.&nbsp;<\/span><\/strong><em><span style=\"color: #ff0000;\"><span style=\"color: #000000;\">&#8211; Die Kinder spielen unten auf der Wiese.<\/span><\/span><\/em><\/p>\n<audio class=\"wp-audio-shortcode\" id=\"audio-581-5\" preload=\"none\" style=\"width: 100%;\" controls=\"controls\"><source type=\"audio\/mpeg\" src=\"https:\/\/www.heimatfreundeweibern.de\/wordpress\/wp-content\/uploads\/2024\/06\/spillen.mp3?_=5\" \/><a href=\"https:\/\/www.heimatfreundeweibern.de\/wordpress\/wp-content\/uploads\/2024\/06\/spillen.mp3\">https:\/\/www.heimatfreundeweibern.de\/wordpress\/wp-content\/uploads\/2024\/06\/spillen.mp3<\/a><\/audio>\n<p><span style=\"color: #ff0000;\"><strong>Spirenzje, de <\/strong><em><span style=\"color: #000000;\">&#8211; die Extratouren<br \/>\n<\/span><\/em><\/span><\/p>\n<p><strong><span style=\"color: #ff0000;\">H\u00fce op mot denne Spirenzje. <\/span><\/strong><span style=\"color: #000000;\"><em>&#8211; H\u00f6r auf mit den Extratouren.<\/em><\/span><\/p>\n<audio class=\"wp-audio-shortcode\" id=\"audio-581-6\" preload=\"none\" style=\"width: 100%;\" controls=\"controls\"><source type=\"audio\/mpeg\" src=\"https:\/\/www.heimatfreundeweibern.de\/wordpress\/wp-content\/uploads\/2024\/06\/de-Spirenzje.mp3?_=6\" \/><a href=\"https:\/\/www.heimatfreundeweibern.de\/wordpress\/wp-content\/uploads\/2024\/06\/de-Spirenzje.mp3\">https:\/\/www.heimatfreundeweibern.de\/wordpress\/wp-content\/uploads\/2024\/06\/de-Spirenzje.mp3<\/a><\/audio>\n<p><span style=\"color: #ff0000;\"><strong>spitzen<\/strong> <em><span style=\"color: #000000;\">&#8211; spucken<\/span><\/em><strong><br \/>\n<\/strong><\/span><\/p>\n<p><strong><span style=\"color: #ff0000;\">Die spitzen hei op de Stroa\u00df. <\/span><\/strong><span style=\"color: #ff0000;\"><em><span style=\"color: #000000;\">&#8211; Die spucken hier auf die Stra\u00dfe.<\/span><\/em><\/span><\/p>\n<audio class=\"wp-audio-shortcode\" id=\"audio-581-7\" preload=\"none\" style=\"width: 100%;\" controls=\"controls\"><source type=\"audio\/mpeg\" src=\"https:\/\/www.heimatfreundeweibern.de\/wordpress\/wp-content\/uploads\/2024\/06\/spitzen.mp3?_=7\" \/><a href=\"https:\/\/www.heimatfreundeweibern.de\/wordpress\/wp-content\/uploads\/2024\/06\/spitzen.mp3\">https:\/\/www.heimatfreundeweibern.de\/wordpress\/wp-content\/uploads\/2024\/06\/spitzen.mp3<\/a><\/audio>\n<p><span style=\"color: #ff0000;\"><strong>Splente, de<\/strong> <em><span style=\"color: #000000;\">&#8211; der Holz-\/Metallsplitter<\/span><\/em><strong><br \/>\n<\/strong><\/span><\/p>\n<p><strong><span style=\"color: #ff0000;\">En Splente onne em Nohl d\u00e4ht wieh. <\/span><\/strong><em><span style=\"color: #000000;\">&#8211; Ein Splitter unter dem Nagel tut weh.<\/span><\/em><\/p>\n<audio class=\"wp-audio-shortcode\" id=\"audio-581-8\" preload=\"none\" style=\"width: 100%;\" controls=\"controls\"><source type=\"audio\/mpeg\" src=\"https:\/\/www.heimatfreundeweibern.de\/wordpress\/wp-content\/uploads\/2024\/06\/de_Splente.mp3?_=8\" \/><a href=\"https:\/\/www.heimatfreundeweibern.de\/wordpress\/wp-content\/uploads\/2024\/06\/de_Splente.mp3\">https:\/\/www.heimatfreundeweibern.de\/wordpress\/wp-content\/uploads\/2024\/06\/de_Splente.mp3<\/a><\/audio>\n<p><span style=\"color: #ff0000;\"><strong>sp\u00f6nnen<\/strong> <em><span style=\"color: #000000;\">&#8211; spinnen<\/span><\/em><strong><br \/>\n<\/strong><\/span><\/p>\n<p><strong><span style=\"color: #ff0000;\">Die Ahle sp\u00f6nnen. <\/span><\/strong><em><span style=\"color: #000000;\">&#8211; Die Alten spinnen.<\/span><\/em><\/p>\n<audio class=\"wp-audio-shortcode\" id=\"audio-581-9\" preload=\"none\" style=\"width: 100%;\" controls=\"controls\"><source type=\"audio\/mpeg\" src=\"https:\/\/www.heimatfreundeweibern.de\/wordpress\/wp-content\/uploads\/2024\/03\/01_spoennen.mp3?_=9\" \/><a href=\"https:\/\/www.heimatfreundeweibern.de\/wordpress\/wp-content\/uploads\/2024\/03\/01_spoennen.mp3\">https:\/\/www.heimatfreundeweibern.de\/wordpress\/wp-content\/uploads\/2024\/03\/01_spoennen.mp3<\/a><\/audio>\n<p><span style=\"color: #ff0000;\"><strong>sp\u00f6nnt<\/strong><\/span> \u2013 <em>spinnen<\/em><\/p>\n<p><span style=\"color: #ff0000;\"><strong>Die Ahl sp\u00f6nnt.<\/strong> <\/span>\u2013 <em>Die Alte spinnt.<br \/>\n<\/em><\/p>\n<audio class=\"wp-audio-shortcode\" id=\"audio-581-10\" preload=\"none\" style=\"width: 100%;\" controls=\"controls\"><source type=\"audio\/mpeg\" src=\"https:\/\/www.heimatfreundeweibern.de\/wordpress\/wp-content\/uploads\/2018\/12\/sp\u00f6nnt-im-Satz.mp3?_=10\" \/><a href=\"https:\/\/www.heimatfreundeweibern.de\/wordpress\/wp-content\/uploads\/2018\/12\/sp\u00f6nnt-im-Satz.mp3\">https:\/\/www.heimatfreundeweibern.de\/wordpress\/wp-content\/uploads\/2018\/12\/sp\u00f6nnt-im-Satz.mp3<\/a><\/audio>\n<p><span style=\"color: #ff0000;\"><strong>spotz <\/strong><\/span><em><span style=\"color: #000000;\">&#8211; spitz<\/span><\/em><\/p>\n<p><strong><span style=\"color: #ff0000;\">D\u00e4 St\u00e4n woar spotz. <\/span><\/strong><em><span style=\"color: #ff0000;\"><span style=\"color: #000000;\">Der Stein war spitz.<\/span><\/span><\/em><\/p>\n<audio class=\"wp-audio-shortcode\" id=\"audio-581-11\" preload=\"none\" style=\"width: 100%;\" controls=\"controls\"><source type=\"audio\/mpeg\" src=\"https:\/\/www.heimatfreundeweibern.de\/wordpress\/wp-content\/uploads\/2024\/03\/spotz.mp3?_=11\" \/><a href=\"https:\/\/www.heimatfreundeweibern.de\/wordpress\/wp-content\/uploads\/2024\/03\/spotz.mp3\">https:\/\/www.heimatfreundeweibern.de\/wordpress\/wp-content\/uploads\/2024\/03\/spotz.mp3<\/a><\/audio>\n<p><strong><span style=\"color: #ff0000;\">Spronsele, de <\/span><\/strong><em><span style=\"color: #ff0000;\"><span style=\"color: #000000;\">&#8211; Die Sommersprossen<\/span><\/span><\/em><\/p>\n<p><strong><span style=\"color: #ff0000;\">H\u00e4tt sei Spronsele nur om Jesicht? <\/span><\/strong><em><span style=\"color: #ff0000;\"><span style=\"color: #000000;\">&#8211; Hat sie Sommersprossen nur im Gesicht?<\/span><\/span><\/em><\/p>\n<audio class=\"wp-audio-shortcode\" id=\"audio-581-12\" preload=\"none\" style=\"width: 100%;\" controls=\"controls\"><source type=\"audio\/mpeg\" src=\"https:\/\/www.heimatfreundeweibern.de\/wordpress\/wp-content\/uploads\/2024\/06\/de-Spronsele.mp3?_=12\" \/><a href=\"https:\/\/www.heimatfreundeweibern.de\/wordpress\/wp-content\/uploads\/2024\/06\/de-Spronsele.mp3\">https:\/\/www.heimatfreundeweibern.de\/wordpress\/wp-content\/uploads\/2024\/06\/de-Spronsele.mp3<\/a><\/audio>\n","protected":false},"excerpt":{"rendered":"<p>spachtelen &nbsp;&#8211; essen Die spachtelen als h\u00e4tten se wochelang nix krech.&nbsp;&#8211; Die essen als h\u00e4tten sie wochenlang nichts bekommen. &nbsp;Speis, de &#8211; der M\u00f6rtel On de Speis mo\u00df mi Zement.&nbsp;&#8211; In den M\u00f6rtel muss mehr Zement. Spejelei, dat &#8211; das Spiegelei Heut h\u00e4s de dat Spejelei awwe ze lang jebroade. &#8211; Heute hast du das Spiegelei aber zu lange gebraten.<\/p>\n","protected":false},"author":2,"featured_media":0,"parent":0,"menu_order":0,"comment_status":"closed","ping_status":"closed","template":"","meta":{"_crdt_document":"","ngg_post_thumbnail":0,"pgc_sgb_lightbox_settings":"","footnotes":""},"class_list":["post-581","page","type-page","status-publish","hentry"],"publishpress_future_action":{"enabled":false,"date":"2026-05-09 08:56:56","action":"change-status","newStatus":"draft","terms":[],"taxonomy":"","extraData":[]},"publishpress_future_workflow_manual_trigger":{"enabledWorkflows":[]},"_links":{"self":[{"href":"https:\/\/www.heimatfreundeweibern.de\/wordpress\/wp-json\/wp\/v2\/pages\/581","targetHints":{"allow":["GET"]}}],"collection":[{"href":"https:\/\/www.heimatfreundeweibern.de\/wordpress\/wp-json\/wp\/v2\/pages"}],"about":[{"href":"https:\/\/www.heimatfreundeweibern.de\/wordpress\/wp-json\/wp\/v2\/types\/page"}],"author":[{"embeddable":true,"href":"https:\/\/www.heimatfreundeweibern.de\/wordpress\/wp-json\/wp\/v2\/users\/2"}],"replies":[{"embeddable":true,"href":"https:\/\/www.heimatfreundeweibern.de\/wordpress\/wp-json\/wp\/v2\/comments?post=581"}],"version-history":[{"count":11,"href":"https:\/\/www.heimatfreundeweibern.de\/wordpress\/wp-json\/wp\/v2\/pages\/581\/revisions"}],"predecessor-version":[{"id":6390,"href":"https:\/\/www.heimatfreundeweibern.de\/wordpress\/wp-json\/wp\/v2\/pages\/581\/revisions\/6390"}],"wp:attachment":[{"href":"https:\/\/www.heimatfreundeweibern.de\/wordpress\/wp-json\/wp\/v2\/media?parent=581"}],"curies":[{"name":"wp","href":"https:\/\/api.w.org\/{rel}","templated":true}]}}